{"id":203,"date":"2015-07-14T14:50:10","date_gmt":"2015-07-14T12:50:10","guid":{"rendered":"http:\/\/test.kriesi.at\/minimal-portfolio\/?page_id=9"},"modified":"2026-02-23T15:26:16","modified_gmt":"2026-02-23T14:26:16","slug":"accueil","status":"publish","type":"page","link":"https:\/\/olliswood.be\/","title":{"rendered":"Menuiserie sur mesure dans le Brabant wallon \u2013 Olliswood \u00e0 Rixensart"},"content":{"rendered":"\t\t<div data-elementor-type=\"wp-page\" data-elementor-id=\"203\" class=\"elementor elementor-203\">\n\t\t\t\t<div class=\"elementor-element elementor-element-73b461f8 e-flex e-con-boxed e-con e-parent\" data-id=\"73b461f8\" data-element_type=\"container\" data-e-type=\"container\">\n\t\t\t\t\t<div class=\"e-con-inner\">\n\t\t\t\t<div class=\"elementor-element elementor-element-18b0b3e7 elementor-widget elementor-widget-text-editor\" data-id=\"18b0b3e7\" data-element_type=\"widget\" data-e-type=\"widget\" data-widget_type=\"text-editor.default\">\n\t\t\t\t<div class=\"elementor-widget-container\">\n\t\t\t\t\t\t\t\t\t<p><div id='full_slider_1'  class='avia-fullwidth-slider main_color avia-shadow   avia-builder-el-0  el_before_av_hr  avia-builder-el-first   container_wrap fullsize'  ><div  class='avia-slideshow av-av_slideshow_full-348d2e99feaaf70c01ec143dae273a17 avia-slideshow-featured av_slideshow_full avia-fade-slider av-slideshow-ui av-control-minimal av-control-minimal-dark av-slideshow-autoplay av-loop-endless av-loop-manual-endless av-default-height-applied  image_no_stretch avia-slideshow-1' data-slideshow-options=\"{&quot;animation&quot;:&quot;fade&quot;,&quot;autoplay&quot;:true,&quot;loop_autoplay&quot;:&quot;endless&quot;,&quot;interval&quot;:4,&quot;loop_manual&quot;:&quot;manual-endless&quot;,&quot;autoplay_stopper&quot;:false,&quot;noNavigation&quot;:false,&quot;bg_slider&quot;:false,&quot;keep_padding&quot;:false,&quot;hoverpause&quot;:false,&quot;show_slide_delay&quot;:0}\"  itemprop=\"image\" itemscope=\"itemscope\" itemtype=\"https:\/\/schema.org\/ImageObject\" ><ul class='avia-slideshow-inner ' style='padding-bottom: 28.666666666667%;'><li  class='avia-slideshow-slide av-av_slideshow_full-348d2e99feaaf70c01ec143dae273a17__0  slide-1 slide-odd'><div data-rel='slideshow-1' class='avia-slide-wrap '  title='Conception d\u2019une biblioth\u00e8que murale sur mesure toute largeur avec \u00e9tag\u00e8res ouvertes pour livres et rangements bas ferm\u00e9s. Am\u00e9nagement r\u00e9alis\u00e9 en menuiserie sur mesure dans le Brabant wallon en Belgique.' ><img fetchpriority=\"high\" class=\"wp-image-1367 avia-img-lazy-loading-not-1367\"  src='https:\/\/olliswood.be\/wp-content\/uploads\/2024\/10\/IMG-20240923-WA0018-1500x430.jpg' width='1500' height='430' title='Biblioth\u00e8que murale sur mesure dans un salon' alt='Grande biblioth\u00e8que murale sur mesure toute largeur avec rangements bas \u2013 menuiserie sur mesure Brabant wallon Belgique'  itemprop=\"thumbnailUrl\"   \/><\/div><\/li><li  class='avia-slideshow-slide av-av_slideshow_full-348d2e99feaaf70c01ec143dae273a17__1  slide-2 slide-even'><div data-rel='slideshow-1' class='avia-slide-wrap '   ><img fetchpriority=\"high\" class=\"wp-image-1209 avia-img-lazy-loading-not-1209\"  src='https:\/\/olliswood.be\/wp-content\/uploads\/2021\/08\/PHOTO-2021-08-15-20-39-43-1-828x430.jpg' width='828' height='430' title='Placard et meuble de rangement sur mesure' alt='Placard et meuble de rangement sur mesure'  itemprop=\"thumbnailUrl\"   \/><\/div><\/li><li  class='avia-slideshow-slide av-av_slideshow_full-348d2e99feaaf70c01ec143dae273a17__2  slide-3 slide-odd'><div data-rel='slideshow-1' class='avia-slide-wrap '  title='Dressing' ><img fetchpriority=\"high\" class=\"wp-image-1089 avia-img-lazy-loading-not-1089\"  src='https:\/\/olliswood.be\/wp-content\/uploads\/2021\/02\/Dressing-3-768x430.jpg' width='768' height='430' title='Dressing' alt='Dressing'  itemprop=\"thumbnailUrl\"   \/><\/div><\/li><li  class='avia-slideshow-slide av-av_slideshow_full-348d2e99feaaf70c01ec143dae273a17__3  slide-4 slide-even'><div data-rel='slideshow-1' class='avia-slide-wrap '   ><img fetchpriority=\"high\" class=\"wp-image-1143 avia-img-lazy-loading-not-1143\"  src='https:\/\/olliswood.be\/wp-content\/uploads\/2021\/08\/PHOTO-2021-08-15-20-39-42-1440x430.jpg' width='1440' height='430' title='Placard et meuble de rangement sur mesure' alt='Placard et meuble de rangement sur mesure'  itemprop=\"thumbnailUrl\"   \/><\/div><\/li><li  class='avia-slideshow-slide av-av_slideshow_full-348d2e99feaaf70c01ec143dae273a17__4  slide-5 slide-odd'><div data-rel='slideshow-1' class='avia-slide-wrap '   ><img fetchpriority=\"high\" class=\"wp-image-1052 avia-img-lazy-loading-not-1052\"  src='https:\/\/olliswood.be\/wp-content\/uploads\/2021\/01\/IMG-20210113-WA0024-1440x430.jpg' width='1440' height='430' title='R\u00e9alisation de mobilier en bois d&#039;int\u00e9rieur' alt='R\u00e9alisation de mobilier en bois d&#039;int\u00e9rieur'  itemprop=\"thumbnailUrl\"   \/><\/div><\/li><li  class='avia-slideshow-slide av-av_slideshow_full-348d2e99feaaf70c01ec143dae273a17__5  slide-6 slide-even'><div data-rel='slideshow-1' class='avia-slide-wrap '   ><img fetchpriority=\"high\" class=\"wp-image-1023 avia-img-lazy-loading-not-1023\"  src='https:\/\/olliswood.be\/wp-content\/uploads\/2021\/01\/IMG-20210113-WA0002-805x430.jpg' width='805' height='430' title='R\u00e9alisation espace de rangement et dressing en bois sur mesure' alt='R\u00e9alisation espace de rangement et dressing en bois sur mesure'  itemprop=\"thumbnailUrl\"   \/><\/div><\/li><li  class='avia-slideshow-slide av-av_slideshow_full-348d2e99feaaf70c01ec143dae273a17__6  slide-7 slide-odd'><div data-rel='slideshow-1' class='avia-slide-wrap '  title='R\u00e9alisation meuble de rangement en bois sur mesure' ><img fetchpriority=\"high\" class=\"wp-image-722 avia-img-lazy-loading-not-722\"  src='https:\/\/olliswood.be\/wp-content\/uploads\/2019\/08\/PHOTO-2018-12-02-18-27-56-1500x430.jpg' width='1500' height='430' title='R\u00e9alisation meuble de rangement en bois sur mesure' alt='R\u00e9alisation meuble de rangement en bois sur mesure'  itemprop=\"thumbnailUrl\"   \/><\/div><\/li><li  class='avia-slideshow-slide av-av_slideshow_full-348d2e99feaaf70c01ec143dae273a17__7  slide-8 slide-even'><div data-rel='slideshow-1' class='avia-slide-wrap '   ><img fetchpriority=\"high\" class=\"wp-image-1426 avia-img-lazy-loading-not-1426\"  src='https:\/\/olliswood.be\/wp-content\/uploads\/2024\/10\/IMG-20240923-WA0054-1500x430.jpg' width='1500' height='430' title='Meuble mural sur mesure avec niches en bois' alt='Meuble mural sur mesure avec niches d\u00e9coratives en bois \u2013 menuiserie sur mesure dans le Brabant wallon Belgique'  itemprop=\"thumbnailUrl\"   \/><\/div><\/li><li  class='avia-slideshow-slide av-av_slideshow_full-348d2e99feaaf70c01ec143dae273a17__8  slide-9 slide-odd'><div data-rel='slideshow-1' class='avia-slide-wrap '  title='Fabrication d\u2019un mur complet de placards sur mesure avec fa\u00e7ades \u00e9pur\u00e9es et niches d\u00e9coratives en bois int\u00e9gr\u00e9es. Am\u00e9nagement int\u00e9rieur r\u00e9alis\u00e9 par une menuiserie sur mesure dans le Brabant wallon en Belgique.' ><img fetchpriority=\"high\" class=\"wp-image-1418 avia-img-lazy-loading-not-1418\"  src='https:\/\/olliswood.be\/wp-content\/uploads\/2024\/10\/IMG-20240923-WA0045-1500x430.jpg' width='1500' height='430' title='Mur de placards sur mesure avec niches int\u00e9gr\u00e9es' alt='Placards muraux sur mesure avec niches d\u00e9coratives en bois \u2013 menuiserie sur mesure Brabant wallon Belgique'  itemprop=\"thumbnailUrl\"   \/><\/div><\/li><li  class='avia-slideshow-slide av-av_slideshow_full-348d2e99feaaf70c01ec143dae273a17__9  slide-10 slide-even'><div data-rel='slideshow-1' class='avia-slide-wrap '   ><img fetchpriority=\"high\" class=\"wp-image-1411 avia-img-lazy-loading-not-1411\"  src='https:\/\/olliswood.be\/wp-content\/uploads\/2024\/10\/IMG-20240923-WA0023-1500x430.jpg' width='1500' height='430' title='Menuiserie de d\u00e9coration en int\u00e9rieur' alt='Menuiserie de d\u00e9coration en int\u00e9rieur'  itemprop=\"thumbnailUrl\"   \/><\/div><\/li><li  class='avia-slideshow-slide av-av_slideshow_full-348d2e99feaaf70c01ec143dae273a17__10  slide-11 slide-odd'><div data-rel='slideshow-1' class='avia-slide-wrap '   ><img fetchpriority=\"high\" class=\"wp-image-1409 avia-img-lazy-loading-not-1409\"  src='https:\/\/olliswood.be\/wp-content\/uploads\/2024\/10\/IMG-20240923-WA0055-1500x430.jpg' width='1500' height='430' title='Menuiserie de d\u00e9coration en int\u00e9rieur' alt='Menuiserie de d\u00e9coration en int\u00e9rieur'  itemprop=\"thumbnailUrl\"   \/><\/div><\/li><li  class='avia-slideshow-slide av-av_slideshow_full-348d2e99feaaf70c01ec143dae273a17__11  slide-12 slide-even'><div data-rel='slideshow-1' class='avia-slide-wrap '  title='Conception d\u2019un am\u00e9nagement sous escalier sur mesure comprenant des placards, tiroirs de rangement et un coin vestiaire avec habillage en tasseaux bois. R\u00e9alisation en menuiserie sur mesure dans le Brabant wallon en Belgique.' ><img fetchpriority=\"high\" class=\"wp-image-1393 avia-img-lazy-loading-not-1393\"  src='https:\/\/olliswood.be\/wp-content\/uploads\/2024\/10\/IMG-20240923-WA0026-1500x430.jpg' width='1500' height='430' title='Rangement sous escalier sur mesure avec vestiaire' alt='Am\u00e9nagement sous escalier sur mesure avec placards, tiroirs et vestiaire \u2013 menuiserie sur mesure Brabant wallon Belgique'  itemprop=\"thumbnailUrl\"   \/><\/div><\/li><\/ul><div class='avia-slideshow-arrows avia-slideshow-controls' ><a href='#prev' class='prev-slide  avia-svg-icon avia-font-svg_entypo-fontello' data-av_svg_icon='left-open-big' data-av_iconset='svg_entypo-fontello' tabindex='-1' title=\"Pr\u00e9c\u00e9dent\"><svg version=\"1.1\" xmlns=\"http:\/\/www.w3.org\/2000\/svg\" width=\"15\" height=\"32\" viewBox=\"0 0 15 32\" preserveAspectRatio=\"xMidYMid meet\" aria-labelledby='av-svg-title-1' aria-describedby='av-svg-desc-1' role=\"graphics-symbol\" aria-hidden=\"true\">\n<title id='av-svg-title-1'>Pr\u00e9c\u00e9dent<\/title>\n<desc id='av-svg-desc-1'>Pr\u00e9c\u00e9dent<\/desc>\n<path d=\"M14.464 27.84q0.832 0.832 0 1.536-0.832 0.832-1.536 0l-12.544-12.608q-0.768-0.768 0-1.6l12.544-12.608q0.704-0.832 1.536 0 0.832 0.704 0 1.536l-11.456 11.904z\"><\/path>\n<\/svg><span class='avia_hidden_link_text'>Pr\u00e9c\u00e9dent<\/span><\/a><a href='#next' class='next-slide  avia-svg-icon avia-font-svg_entypo-fontello' data-av_svg_icon='right-open-big' data-av_iconset='svg_entypo-fontello' tabindex='-1' title=\"Suivant\"><svg version=\"1.1\" xmlns=\"http:\/\/www.w3.org\/2000\/svg\" width=\"15\" height=\"32\" viewBox=\"0 0 15 32\" preserveAspectRatio=\"xMidYMid meet\" aria-labelledby='av-svg-title-2' aria-describedby='av-svg-desc-2' role=\"graphics-symbol\" aria-hidden=\"true\">\n<title id='av-svg-title-2'>Suivant<\/title>\n<desc id='av-svg-desc-2'>Suivant<\/desc>\n<path d=\"M0.416 27.84l11.456-11.84-11.456-11.904q-0.832-0.832 0-1.536 0.832-0.832 1.536 0l12.544 12.608q0.768 0.832 0 1.6l-12.544 12.608q-0.704 0.832-1.536 0-0.832-0.704 0-1.536z\"><\/path>\n<\/svg><span class='avia_hidden_link_text'>Suivant<\/span><\/a><\/div><div class='avia-slideshow-dots avia-slideshow-controls'><a href='#1' class='goto-slide active' >1<\/a><a href='#2' class='goto-slide ' >2<\/a><a href='#3' class='goto-slide ' >3<\/a><a href='#4' class='goto-slide ' >4<\/a><a href='#5' class='goto-slide ' >5<\/a><a href='#6' class='goto-slide ' >6<\/a><a href='#7' class='goto-slide ' >7<\/a><a href='#8' class='goto-slide ' >8<\/a><a href='#9' class='goto-slide ' >9<\/a><a href='#10' class='goto-slide ' >10<\/a><a href='#11' class='goto-slide ' >11<\/a><a href='#12' class='goto-slide ' >12<\/a><\/div><\/div><\/div><div id='after_full_slider_1'  class='main_color av_default_container_wrap container_wrap fullsize'  ><div class='container av-section-cont-open' ><div class='template-page content  av-content-full alpha units'><div class='post-entry post-entry-type-page post-entry-203'><div class='entry-content-wrapper clearfix'><\/p><p><div  class='hr av-av_hr-0ff602b3e980a3377077ff3c1c834df6 hr-default  avia-builder-el-1  el_after_av_slideshow_full  el_before_av_one_full  avia-builder-el-first '><span class='hr-inner '><span class=\"hr-inner-style\"><\/span><\/span><\/div><\/p><p>\n<style type=\"text\/css\" data-created_by=\"avia_inline_auto\" id=\"style-css-av-av_one_full-15d750bd1b332b34c6e70b077ebbccdf\">\n.flex_column.av-av_one_full-15d750bd1b332b34c6e70b077ebbccdf{\nborder-radius:0px 0px 0px 0px;\npadding:0px 0px 0px 0px;\n}\n<\/style>\n<div  class='flex_column av-av_one_full-15d750bd1b332b34c6e70b077ebbccdf av_one_full  avia-builder-el-2  el_after_av_hr  el_before_av_one_full  first flex_column_div av-zero-column-padding  '     ><style type=\"text\/css\" data-created_by=\"avia_inline_auto\" id=\"style-css-av-av_textblock-cbd16d0ee98e89a0b8e97d977ac593c5\">\n#top .av_textblock_section.av-av_textblock-cbd16d0ee98e89a0b8e97d977ac593c5 .avia_textblock{\ncolor:#545454;\n}\n<\/style>\n<section  class='av_textblock_section av-av_textblock-cbd16d0ee98e89a0b8e97d977ac593c5 '   itemscope=\"itemscope\" itemtype=\"https:\/\/schema.org\/CreativeWork\" ><div class='avia_textblock av_inherit_color'  itemprop=\"text\" ><h4 style=\"text-align: center;\">Derni\u00e8res r\u00e9alisations<\/h4>\n<\/div><\/section><div id='av-masonry-1' class='av-masonry av-av_masonry_gallery-72a20846860fc3ab9b8f94e0d1957b10 noHover av-fixed-size av-large-gap av-hover-overlay-active av-masonry-animation-active av-masonry-col-flexible av-caption-always av-caption-style- av-masonry-gallery ' data-post_id=\"203\"><div class=\"av-masonry-container isotope av-js-disabled\"><div class='av-masonry-entry isotope-item av-masonry-item-no-image '><\/div><a href=\"https:\/\/olliswood.be\/wp-content\/uploads\/2024\/10\/IMG-20240923-WA0021-1030x773.jpg\"  aria-label=\"image Bureau et rangements sous pente sur mesure\"  id='av-masonry-1-item-1384' data-av-masonry-item='1384' class='av-masonry-entry isotope-item post-1384 attachment type-attachment status-inherit hentry  av-masonry-item-with-image' title=\"Bureau et rangements sous pente sur mesure\" alt=\"Bureau sous pente sur mesure avec placards et niches \u00e9clair\u00e9es \u2013 menuiserie sur mesure Brabant wallon Belgique\"    itemprop=\"thumbnailUrl\" ><div class='av-inner-masonry-sizer'><\/div><figure class='av-inner-masonry main_color'><div class=\"av-masonry-outerimage-container\"><div class='av-masonry-image-container' style=\"background-image: url(https:\/\/olliswood.be\/wp-content\/uploads\/2024\/10\/IMG-20240923-WA0021-705x529.jpg);\"  title=\"Bureau et rangements sous pente sur mesure\" ><\/div><\/div><\/figure><\/a><!--end av-masonry entry--><a href=\"https:\/\/olliswood.be\/wp-content\/uploads\/2024\/10\/IMG-20240923-WA0018-773x1030.jpg\"  aria-label=\"image Biblioth\u00e8que murale sur mesure dans un salon\"  id='av-masonry-1-item-1367' data-av-masonry-item='1367' class='av-masonry-entry isotope-item post-1367 attachment type-attachment status-inherit hentry  av-masonry-item-with-image' title=\"Biblioth\u00e8que murale sur mesure dans un salon\" alt=\"Grande biblioth\u00e8que murale sur mesure toute largeur avec rangements bas \u2013 menuiserie sur mesure Brabant wallon Belgique\"    itemprop=\"thumbnailUrl\" ><div class='av-inner-masonry-sizer'><\/div><figure class='av-inner-masonry main_color'><div class=\"av-masonry-outerimage-container\"><div class='av-masonry-image-container' style=\"background-image: url(https:\/\/olliswood.be\/wp-content\/uploads\/2024\/10\/IMG-20240923-WA0018-529x705.jpg);\"  title=\"Biblioth\u00e8que murale sur mesure dans un salon\" ><\/div><\/div><\/figure><\/a><!--end av-masonry entry--><a href=\"https:\/\/olliswood.be\/wp-content\/uploads\/2024\/10\/IMG-20240923-WA0010-1030x773.jpg\"  aria-label=\"image Meuble mural salon sur mesure avec \u00e9clairage int\u00e9gr\u00e9\"  id='av-masonry-1-item-1364' data-av-masonry-item='1364' class='av-masonry-entry isotope-item post-1364 attachment type-attachment status-inherit hentry  av-masonry-item-with-image' title=\"Meuble mural salon sur mesure avec \u00e9clairage int\u00e9gr\u00e9\" alt=\"Am\u00e9nagement mural de salon sur mesure avec niches \u00e9clair\u00e9es et rangements int\u00e9gr\u00e9s \u2013 menuiserie sur mesure Brabant wallon Belgique\"    itemprop=\"thumbnailUrl\" ><div class='av-inner-masonry-sizer'><\/div><figure class='av-inner-masonry main_color'><div class=\"av-masonry-outerimage-container\"><div class='av-masonry-image-container' style=\"background-image: url(https:\/\/olliswood.be\/wp-content\/uploads\/2024\/10\/IMG-20240923-WA0010-705x529.jpg);\"  title=\"Meuble mural salon sur mesure avec \u00e9clairage int\u00e9gr\u00e9\" ><\/div><\/div><\/figure><\/a><!--end av-masonry entry--><a href=\"https:\/\/olliswood.be\/wp-content\/uploads\/2022\/07\/IMG-20220625-WA0000.jpg\"  aria-label=\"image Placard et meuble de rangement sur mesure\"  id='av-masonry-1-item-1227' data-av-masonry-item='1227' class='av-masonry-entry isotope-item post-1227 attachment type-attachment status-inherit hentry  av-masonry-item-with-image' title=\"Placard et meuble de rangement sur mesure\" alt=\"Placard et meuble de rangement sur mesure\"    itemprop=\"thumbnailUrl\" ><div class='av-inner-masonry-sizer'><\/div><figure class='av-inner-masonry main_color'><div class=\"av-masonry-outerimage-container\"><div class='av-masonry-image-container' style=\"background-image: url(https:\/\/olliswood.be\/wp-content\/uploads\/2022\/07\/IMG-20220625-WA0000-705x529.jpg);\"  title=\"Placard et meuble de rangement sur mesure\" ><\/div><\/div><\/figure><\/a><!--end av-masonry entry--><\/div><\/div><\/p><\/div><\/p><p>\n<style type=\"text\/css\" data-created_by=\"avia_inline_auto\" id=\"style-css-av-av_one_full-15d750bd1b332b34c6e70b077ebbccdf\">\n.flex_column.av-av_one_full-15d750bd1b332b34c6e70b077ebbccdf{\nborder-radius:0px 0px 0px 0px;\npadding:0px 0px 0px 0px;\n}\n<\/style>\n<div  class='flex_column av-av_one_full-15d750bd1b332b34c6e70b077ebbccdf av_one_full  avia-builder-el-5  el_after_av_one_full  el_before_av_one_full  first flex_column_div av-zero-column-padding  column-top-margin'     ><\/div><\/p><p><section  class='av_textblock_section av-av_textblock-2de302bf1aa3cf4c9157dbe6f50ac7eb '   itemscope=\"itemscope\" itemtype=\"https:\/\/schema.org\/CreativeWork\" ><div class='avia_textblock'  itemprop=\"text\" ><\/div><\/section><\/p><div class=\"x_elementToProof\"><p data-start=\"228\" data-end=\"497\">\u00a0<\/p><\/div>\t\t\t\t\t\t\t\t<\/div>\n\t\t\t\t<\/div>\n\t\t\t\t\t<\/div>\n\t\t\t\t<\/div>\n\t\t<div class=\"elementor-element elementor-element-1f31fc2 e-flex e-con-boxed e-con e-parent\" data-id=\"1f31fc2\" data-element_type=\"container\" data-e-type=\"container\">\n\t\t\t\t\t<div class=\"e-con-inner\">\n\t\t\t\t<div class=\"elementor-element elementor-element-f00bdd2 elementor-widget elementor-widget-text-editor\" data-id=\"f00bdd2\" data-element_type=\"widget\" data-e-type=\"widget\" data-widget_type=\"text-editor.default\">\n\t\t\t\t<div class=\"elementor-widget-container\">\n\t\t\t\t\t\t\t\t\t<div><p data-start=\"434\" data-end=\"681\"><strong data-start=\"434\" data-end=\"505\">Menuiserie sur mesure dans le Brabant wallon et partout en Belgique<\/strong>, Olliswood est bas\u00e9e \u00e0 Rixensart depuis plus de 16 ans. Nous concevons et r\u00e9alisons des meubles et am\u00e9nagements int\u00e9rieurs personnalis\u00e9s pour particuliers et professionnels.<\/p><p data-start=\"491\" data-end=\"683\"><strong data-start=\"487\" data-end=\"535\">Artisan menuisier implant\u00e9 \u00e0 Rixensart (1330), nous intervenons r\u00e9guli\u00e8rement \u00e0 Waterloo, Lasne, Wavre, Genval, La Hulpe, Nivelles, Braine-l\u2019Alleud et Ottignies, ainsi que dans l\u2019ensemble du Brabant wallon et dans toute la Belgique selon l\u2019ampleur du projet.Menuiserie sur mesure dans le Brabant wallon<\/strong>, bas\u00e9e \u00e0 Rixensart depuis plus de 16 ans, Olliswood con\u00e7oit et r\u00e9alise des meubles et am\u00e9nagements int\u00e9rieurs personnalis\u00e9s partout dans la province ainsi qu\u2019en Belgique.<\/p><h2 data-start=\"694\" data-end=\"738\">Nos r\u00e9alisations en menuiserie sur mesure dans le Brabant wallon<\/h2><ul data-start=\"782\" data-end=\"1014\"><li data-start=\"782\" data-end=\"806\"><ul style=\"font-style: normal; font-variant-ligatures: normal; font-variant-caps: normal; font-weight: 400; font-size: 16px; font-family: Roboto, sans-serif; list-style-type: none;\" data-start=\"782\" data-end=\"1014\"><li style=\"margin-left: 0px; padding-top: 0px; padding-bottom: 0px;\" data-start=\"782\" data-end=\"806\"><p data-start=\"784\" data-end=\"806\"><a href=\"https:\/\/olliswood.be\/index.php\/dressing\/\">Dressings sur mesure<\/a><\/p><\/li><li style=\"margin-left: 0px; padding-top: 0px; padding-bottom: 0px;\" data-start=\"807\" data-end=\"834\"><p data-start=\"809\" data-end=\"834\"><a href=\"https:\/\/olliswood.be\/index.php\/bibliotheque-sur-mesure\/\">Biblioth\u00e8ques int\u00e9gr\u00e9es<\/a><\/p><\/li><li style=\"margin-left: 0px; padding-top: 0px; padding-bottom: 0px;\" data-start=\"835\" data-end=\"863\"><p data-start=\"837\" data-end=\"863\"><a href=\"https:\/\/olliswood.be\/index.php\/meuble-tv-sur-mesure-belgique\/\">Meubles TV personnalis\u00e9s<\/a><\/p><\/li><li style=\"margin-left: 0px; padding-top: 0px; padding-bottom: 0px;\" data-start=\"864\" data-end=\"886\"><p data-start=\"866\" data-end=\"886\"><a href=\"https:\/\/olliswood.be\/index.php\/bureau-sur-mesure\/\">Bureaux sur mesure<\/a><\/p><\/li><li style=\"margin-left: 0px; padding-top: 0px; padding-bottom: 0px;\" data-start=\"887\" data-end=\"920\"><p data-start=\"889\" data-end=\"920\"><a href=\"https:\/\/olliswood.be\/index.php\/espace-rangement-sur-mesure\/\">Espace rangement sur mesure<\/a><\/p><\/li><li style=\"margin-left: 0px; padding-top: 0px; padding-bottom: 0px;\" data-start=\"921\" data-end=\"951\"><p data-start=\"923\" data-end=\"951\"><a href=\"https:\/\/olliswood.be\/index.php\/vestiaire-sur-mesure-belgique\/\">Vestiaire sur mesure<\/a><\/p><\/li><li style=\"margin-left: 0px; padding-top: 0px; padding-bottom: 0px;\" data-start=\"952\" data-end=\"981\"><p data-start=\"954\" data-end=\"981\"><a href=\"https:\/\/olliswood.be\/index.php\/salle-de-bain-sur-mesure-belgique\/\">Salles de bain sur mesure<\/a><\/p><\/li><li style=\"margin-left: 0px; padding-top: 0px; padding-bottom: 0px;\" data-start=\"982\" data-end=\"1014\"><p data-start=\"984\" data-end=\"1014\"><a href=\"https:\/\/olliswood.be\/index.php\/chambre-a-coucher-sur-mesure-belgique\/\">Chambres et mobilier int\u00e9gr\u00e9<\/a><\/p><\/li><\/ul><\/li><li data-start=\"982\" data-end=\"1014\">\u00a0<\/li><\/ul><p data-start=\"1016\" data-end=\"1134\">Chaque projet est pens\u00e9 pour optimiser l\u2019espace, am\u00e9liorer le confort et s\u2019int\u00e9grer harmonieusement \u00e0 votre int\u00e9rieur.<\/p><hr data-start=\"1136\" data-end=\"1139\" \/><h2 data-start=\"1141\" data-end=\"1177\">Un savoir-faire artisanal reconnu dans le Brabant wallon et en Belgique<\/h2><p data-start=\"1214\" data-end=\"1366\">Depuis plus de 16 ans, Olliswood r\u00e9alise des meubles sur mesure avec des mat\u00e9riaux de qualit\u00e9 tels que le ch\u00eane, le h\u00eatre, le palissandre ou le weng\u00e9.<\/p><p data-start=\"1373\" data-end=\"1549\">Notre atelier situ\u00e9 \u00e0 Rixensart, au c\u0153ur du Brabant wallon, nous permet d\u2019intervenir rapidement dans toute la province ainsi qu\u2019\u00e0 Bruxelles et dans l\u2019ensemble de la Belgique.<\/p><h2 data-start=\"1595\" data-end=\"1666\">Menuiserie sur mesure \u00e0 Rixensart \u2013 Intervention dans le Brabant wallon et partout en Belgique<\/h2><p data-start=\"1668\" data-end=\"1828\">Notre atelier de menuiserie sur mesure est situ\u00e9 \u00e0 Rixensart, au c\u0153ur du Brabant wallon, ce qui nous permet d\u2019intervenir rapidement dans toute la province ainsi qu\u2019\u00e0 Bruxelles et dans l\u2019ensemble de la Belgique.<\/p><p data-start=\"1830\" data-end=\"2113\">Nous r\u00e9alisons des projets dans le Brabant wallon, \u00e0 Bruxelles, Wavre, Waterloo, Namur et bien au-del\u00e0. Que ce soit pour un am\u00e9nagement int\u00e9rieur complet, un dressing sur mesure, une biblioth\u00e8que ou un meuble TV personnalis\u00e9, nous vous accompagnons de la conception \u00e0 l\u2019installation.<\/p><hr data-start=\"2115\" data-end=\"2118\" \/><h2 data-start=\"2120\" data-end=\"2145\">Un projet ? Parlons-en<\/h2><p data-start=\"2147\" data-end=\"2268\">Chaque demande est \u00e9tudi\u00e9e avec soin afin de proposer des solutions adapt\u00e9es \u00e0 votre espace, votre style et votre budget.<\/p><p data-start=\"2270\" data-end=\"2373\"><strong data-start=\"2270\" data-end=\"2373\">Contactez Olli\u2019swood pour votre projet de menuiserie sur mesure \u00e0 Rixensart ou partout en Belgique.<\/strong><\/p><\/div><p>[\/av_textblock]<\/p><p>[\/av_one_full]\n<style type=\"text\/css\" data-created_by=\"avia_inline_auto\" id=\"style-css-av-av_one_full-15d750bd1b332b34c6e70b077ebbccdf\">\n.flex_column.av-av_one_full-15d750bd1b332b34c6e70b077ebbccdf{\nborder-radius:0px 0px 0px 0px;\npadding:0px 0px 0px 0px;\n}\n<\/style>\n<div  class='flex_column av-av_one_full-15d750bd1b332b34c6e70b077ebbccdf av_one_full  avia-builder-el-7  el_after_av_one_full  avia-builder-el-last  first flex_column_div av-zero-column-padding  column-top-margin'     ><div  class='avia-button-wrap av-av_button-e8878dafc15f7be0351e3a78d51bec85-wrap avia-button-center  avia-builder-el-8  avia-builder-el-no-sibling '><a href='https:\/\/olliswood.be\/index.php\/contact-2\/'  class='avia-button av-av_button-e8878dafc15f7be0351e3a78d51bec85 av-link-btn avia-icon_select-yes-left-icon avia-size-x-large avia-position-center avia-color-theme-color'   aria-label=\"Contactez-nous\"><span class='avia_button_icon avia_button_icon_left avia-iconfont avia-font-entypo-fontello' data-av_icon='\ue805' data-av_iconfont='entypo-fontello' ><\/span><span class='avia_iconbox_title' >Contactez-nous<\/span><\/a><\/div><\/div><\/p>\t\t\t\t\t\t\t\t<\/div>\n\t\t\t\t<\/div>\n\t\t\t\t\t<\/div>\n\t\t\t\t<\/div>\n\t\t\t\t<\/div>\n\t\t","protected":false},"excerpt":{"rendered":"","protected":false},"author":2,"featured_media":0,"parent":0,"menu_order":0,"comment_status":"closed","ping_status":"closed","template":"","meta":{"footnotes":""},"class_list":["post-203","page","type-page","status-publish","hentry"],"yoast_head":"<!-- This site is optimized with the Yoast SEO plugin v27.0 - https:\/\/yoast.com\/product\/yoast-seo-wordpress\/ -->\n<title>Menuiserie sur mesure Brabant wallon | Rixensart \u2013 Olliswood<\/title>\n<meta name=\"description\" content=\"Menuiserie sur mesure dans le Brabant wallon. Olliswood \u00e0 Rixensart r\u00e9alise dressings, meubles TV et am\u00e9nagements int\u00e9rieurs personnalis\u00e9s.\" \/>\n<meta name=\"robots\" content=\"index, follow, max-snippet:-1, max-image-preview:large, max-video-preview:-1\" \/>\n<link rel=\"canonical\" href=\"https:\/\/olliswood.be\/index.php\/accueil\/\" \/>\n<meta property=\"og:locale\" content=\"fr_FR\" \/>\n<meta property=\"og:type\" content=\"article\" \/>\n<meta property=\"og:title\" content=\"Menuiserie sur mesure Brabant wallon | Rixensart \u2013 Olliswood\" \/>\n<meta property=\"og:description\" content=\"Menuiserie sur mesure dans le Brabant wallon. Olliswood \u00e0 Rixensart r\u00e9alise dressings, meubles TV et am\u00e9nagements int\u00e9rieurs personnalis\u00e9s.\" \/>\n<meta property=\"og:url\" content=\"https:\/\/olliswood.be\/index.php\/accueil\/\" \/>\n<meta property=\"og:site_name\" content=\"Olliswood\" \/>\n<meta property=\"article:publisher\" content=\"https:\/\/www.facebook.com\/Ollis-Wood-302884683510477\" \/>\n<meta property=\"article:modified_time\" content=\"2026-02-23T14:26:16+00:00\" \/>\n<meta name=\"twitter:card\" content=\"summary_large_image\" \/>\n<meta name=\"twitter:label1\" content=\"Dur\u00e9e de lecture estim\u00e9e\" \/>\n\t<meta name=\"twitter:data1\" content=\"2 minutes\" \/>\n<script type=\"application\/ld+json\" class=\"yoast-schema-graph\">{\"@context\":\"https:\/\/schema.org\",\"@graph\":[{\"@type\":\"WebPage\",\"@id\":\"https:\/\/olliswood.be\/index.php\/accueil\/\",\"url\":\"https:\/\/olliswood.be\/index.php\/accueil\/\",\"name\":\"Menuiserie sur mesure Brabant wallon | Rixensart \u2013 Olliswood\",\"isPartOf\":{\"@id\":\"https:\/\/olliswood.be\/#website\"},\"datePublished\":\"2015-07-14T12:50:10+00:00\",\"dateModified\":\"2026-02-23T14:26:16+00:00\",\"description\":\"Menuiserie sur mesure dans le Brabant wallon. Olliswood \u00e0 Rixensart r\u00e9alise dressings, meubles TV et am\u00e9nagements int\u00e9rieurs personnalis\u00e9s.\",\"breadcrumb\":{\"@id\":\"https:\/\/olliswood.be\/index.php\/accueil\/#breadcrumb\"},\"inLanguage\":\"fr-FR\",\"potentialAction\":[{\"@type\":\"ReadAction\",\"target\":[\"https:\/\/olliswood.be\/index.php\/accueil\/\"]}]},{\"@type\":\"BreadcrumbList\",\"@id\":\"https:\/\/olliswood.be\/index.php\/accueil\/#breadcrumb\",\"itemListElement\":[{\"@type\":\"ListItem\",\"position\":1,\"name\":\"Accueil\",\"item\":\"https:\/\/olliswood.be\/index.php\/accueil\/\"},{\"@type\":\"ListItem\",\"position\":2,\"name\":\"Menuiserie sur mesure dans le Brabant wallon \u2013 Olliswood \u00e0 Rixensart\"}]},{\"@type\":\"WebSite\",\"@id\":\"https:\/\/olliswood.be\/#website\",\"url\":\"https:\/\/olliswood.be\/\",\"name\":\"Olliswood\",\"description\":\"Menuiserie sur mesure\",\"potentialAction\":[{\"@type\":\"SearchAction\",\"target\":{\"@type\":\"EntryPoint\",\"urlTemplate\":\"https:\/\/olliswood.be\/?s={search_term_string}\"},\"query-input\":{\"@type\":\"PropertyValueSpecification\",\"valueRequired\":true,\"valueName\":\"search_term_string\"}}],\"inLanguage\":\"fr-FR\"}]}<\/script>\n<!-- \/ Yoast SEO plugin. -->","yoast_head_json":{"title":"Menuiserie sur mesure Brabant wallon | Rixensart \u2013 Olliswood","description":"Menuiserie sur mesure dans le Brabant wallon. Olliswood \u00e0 Rixensart r\u00e9alise dressings, meubles TV et am\u00e9nagements int\u00e9rieurs personnalis\u00e9s.","robots":{"index":"index","follow":"follow","max-snippet":"max-snippet:-1","max-image-preview":"max-image-preview:large","max-video-preview":"max-video-preview:-1"},"canonical":"https:\/\/olliswood.be\/index.php\/accueil\/","og_locale":"fr_FR","og_type":"article","og_title":"Menuiserie sur mesure Brabant wallon | Rixensart \u2013 Olliswood","og_description":"Menuiserie sur mesure dans le Brabant wallon. Olliswood \u00e0 Rixensart r\u00e9alise dressings, meubles TV et am\u00e9nagements int\u00e9rieurs personnalis\u00e9s.","og_url":"https:\/\/olliswood.be\/index.php\/accueil\/","og_site_name":"Olliswood","article_publisher":"https:\/\/www.facebook.com\/Ollis-Wood-302884683510477","article_modified_time":"2026-02-23T14:26:16+00:00","twitter_card":"summary_large_image","twitter_misc":{"Dur\u00e9e de lecture estim\u00e9e":"2 minutes"},"schema":{"@context":"https:\/\/schema.org","@graph":[{"@type":"WebPage","@id":"https:\/\/olliswood.be\/index.php\/accueil\/","url":"https:\/\/olliswood.be\/index.php\/accueil\/","name":"Menuiserie sur mesure Brabant wallon | Rixensart \u2013 Olliswood","isPartOf":{"@id":"https:\/\/olliswood.be\/#website"},"datePublished":"2015-07-14T12:50:10+00:00","dateModified":"2026-02-23T14:26:16+00:00","description":"Menuiserie sur mesure dans le Brabant wallon. Olliswood \u00e0 Rixensart r\u00e9alise dressings, meubles TV et am\u00e9nagements int\u00e9rieurs personnalis\u00e9s.","breadcrumb":{"@id":"https:\/\/olliswood.be\/index.php\/accueil\/#breadcrumb"},"inLanguage":"fr-FR","potentialAction":[{"@type":"ReadAction","target":["https:\/\/olliswood.be\/index.php\/accueil\/"]}]},{"@type":"BreadcrumbList","@id":"https:\/\/olliswood.be\/index.php\/accueil\/#breadcrumb","itemListElement":[{"@type":"ListItem","position":1,"name":"Accueil","item":"https:\/\/olliswood.be\/index.php\/accueil\/"},{"@type":"ListItem","position":2,"name":"Menuiserie sur mesure dans le Brabant wallon \u2013 Olliswood \u00e0 Rixensart"}]},{"@type":"WebSite","@id":"https:\/\/olliswood.be\/#website","url":"https:\/\/olliswood.be\/","name":"Olliswood","description":"Menuiserie sur mesure","potentialAction":[{"@type":"SearchAction","target":{"@type":"EntryPoint","urlTemplate":"https:\/\/olliswood.be\/?s={search_term_string}"},"query-input":{"@type":"PropertyValueSpecification","valueRequired":true,"valueName":"search_term_string"}}],"inLanguage":"fr-FR"}]}},"_links":{"self":[{"href":"https:\/\/olliswood.be\/index.php\/wp-json\/wp\/v2\/pages\/203","targetHints":{"allow":["GET"]}}],"collection":[{"href":"https:\/\/olliswood.be\/index.php\/wp-json\/wp\/v2\/pages"}],"about":[{"href":"https:\/\/olliswood.be\/index.php\/wp-json\/wp\/v2\/types\/page"}],"author":[{"embeddable":true,"href":"https:\/\/olliswood.be\/index.php\/wp-json\/wp\/v2\/users\/2"}],"replies":[{"embeddable":true,"href":"https:\/\/olliswood.be\/index.php\/wp-json\/wp\/v2\/comments?post=203"}],"version-history":[{"count":75,"href":"https:\/\/olliswood.be\/index.php\/wp-json\/wp\/v2\/pages\/203\/revisions"}],"predecessor-version":[{"id":1829,"href":"https:\/\/olliswood.be\/index.php\/wp-json\/wp\/v2\/pages\/203\/revisions\/1829"}],"wp:attachment":[{"href":"https:\/\/olliswood.be\/index.php\/wp-json\/wp\/v2\/media?parent=203"}],"curies":[{"name":"wp","href":"https:\/\/api.w.org\/{rel}","templated":true}]}}