{"id":1833,"date":"2026-02-23T15:34:35","date_gmt":"2026-02-23T14:34:35","guid":{"rendered":"https:\/\/olliswood.be\/?page_id=1833"},"modified":"2026-02-25T08:16:14","modified_gmt":"2026-02-25T07:16:14","slug":"menuiserie-sur-mesure-a-waterloo","status":"publish","type":"page","link":"https:\/\/olliswood.be\/index.php\/menuiserie-sur-mesure-a-waterloo\/","title":{"rendered":"Menuisier \u00e0 Waterloo \u2013 Menuiserie sur mesure haut de gamme"},"content":{"rendered":"\t\t<div data-elementor-type=\"wp-page\" data-elementor-id=\"1833\" class=\"elementor elementor-1833\">\n\t\t\t\t<div class=\"elementor-element elementor-element-3257cf49 e-flex e-con-boxed e-con e-parent\" data-id=\"3257cf49\" data-element_type=\"container\" data-e-type=\"container\">\n\t\t\t\t\t<div class=\"e-con-inner\">\n\t\t\t\t<div class=\"elementor-element elementor-element-113d2d40 elementor-widget elementor-widget-text-editor\" data-id=\"113d2d40\" data-element_type=\"widget\" data-e-type=\"widget\" data-widget_type=\"text-editor.default\">\n\t\t\t\t<div class=\"elementor-widget-container\">\n\t\t\t\t\t\t\t\t\t<p><div id='full_slider_1'  class='avia-fullwidth-slider main_color avia-shadow   avia-builder-el-0  el_before_av_hr  avia-builder-el-first   container_wrap fullsize'  ><div  class='avia-slideshow av-av_slideshow_full-348d2e99feaaf70c01ec143dae273a17 avia-slideshow-featured av_slideshow_full avia-fade-slider av-slideshow-ui av-control-minimal av-control-minimal-dark av-slideshow-autoplay av-loop-endless av-loop-manual-endless av-default-height-applied  image_no_stretch avia-slideshow-1' data-slideshow-options=\"{&quot;animation&quot;:&quot;fade&quot;,&quot;autoplay&quot;:true,&quot;loop_autoplay&quot;:&quot;endless&quot;,&quot;interval&quot;:4,&quot;loop_manual&quot;:&quot;manual-endless&quot;,&quot;autoplay_stopper&quot;:false,&quot;noNavigation&quot;:false,&quot;bg_slider&quot;:false,&quot;keep_padding&quot;:false,&quot;hoverpause&quot;:false,&quot;show_slide_delay&quot;:0}\"  itemprop=\"image\" itemscope=\"itemscope\" itemtype=\"https:\/\/schema.org\/ImageObject\" ><ul class='avia-slideshow-inner ' style='padding-bottom: 28.666666666667%;'><li  class='avia-slideshow-slide av-av_slideshow_full-348d2e99feaaf70c01ec143dae273a17__0  slide-1 slide-odd'><div data-rel='slideshow-1' class='avia-slide-wrap '  title='Conception d\u2019une biblioth\u00e8que murale sur mesure toute largeur avec \u00e9tag\u00e8res ouvertes pour livres et rangements bas ferm\u00e9s. Am\u00e9nagement r\u00e9alis\u00e9 en menuiserie sur mesure dans le Brabant wallon en Belgique.' ><img fetchpriority=\"high\" class=\"wp-image-1367 avia-img-lazy-loading-not-1367\"  src='https:\/\/olliswood.be\/wp-content\/uploads\/2024\/10\/IMG-20240923-WA0018-1500x430.jpg' width='1500' height='430' title='Biblioth\u00e8que murale sur mesure dans un salon' alt='Grande biblioth\u00e8que murale sur mesure toute largeur avec rangements bas \u2013 menuiserie sur mesure Brabant wallon Belgique'  itemprop=\"thumbnailUrl\"   \/><\/div><\/li><li  class='avia-slideshow-slide av-av_slideshow_full-348d2e99feaaf70c01ec143dae273a17__1  slide-2 slide-even'><div data-rel='slideshow-1' class='avia-slide-wrap '   ><img fetchpriority=\"high\" class=\"wp-image-1209 avia-img-lazy-loading-not-1209\"  src='https:\/\/olliswood.be\/wp-content\/uploads\/2021\/08\/PHOTO-2021-08-15-20-39-43-1-828x430.jpg' width='828' height='430' title='Placard et meuble de rangement sur mesure' alt='Placard et meuble de rangement sur mesure'  itemprop=\"thumbnailUrl\"   \/><\/div><\/li><li  class='avia-slideshow-slide av-av_slideshow_full-348d2e99feaaf70c01ec143dae273a17__2  slide-3 slide-odd'><div data-rel='slideshow-1' class='avia-slide-wrap '  title='Dressing' ><img fetchpriority=\"high\" class=\"wp-image-1089 avia-img-lazy-loading-not-1089\"  src='https:\/\/olliswood.be\/wp-content\/uploads\/2021\/02\/Dressing-3-768x430.jpg' width='768' height='430' title='Dressing' alt='Dressing'  itemprop=\"thumbnailUrl\"   \/><\/div><\/li><li  class='avia-slideshow-slide av-av_slideshow_full-348d2e99feaaf70c01ec143dae273a17__3  slide-4 slide-even'><div data-rel='slideshow-1' class='avia-slide-wrap '   ><img fetchpriority=\"high\" class=\"wp-image-1143 avia-img-lazy-loading-not-1143\"  src='https:\/\/olliswood.be\/wp-content\/uploads\/2021\/08\/PHOTO-2021-08-15-20-39-42-1440x430.jpg' width='1440' height='430' title='Placard et meuble de rangement sur mesure' alt='Placard et meuble de rangement sur mesure'  itemprop=\"thumbnailUrl\"   \/><\/div><\/li><li  class='avia-slideshow-slide av-av_slideshow_full-348d2e99feaaf70c01ec143dae273a17__4  slide-5 slide-odd'><div data-rel='slideshow-1' class='avia-slide-wrap '   ><img fetchpriority=\"high\" class=\"wp-image-1052 avia-img-lazy-loading-not-1052\"  src='https:\/\/olliswood.be\/wp-content\/uploads\/2021\/01\/IMG-20210113-WA0024-1440x430.jpg' width='1440' height='430' title='R\u00e9alisation de mobilier en bois d&#039;int\u00e9rieur' alt='R\u00e9alisation de mobilier en bois d&#039;int\u00e9rieur'  itemprop=\"thumbnailUrl\"   \/><\/div><\/li><li  class='avia-slideshow-slide av-av_slideshow_full-348d2e99feaaf70c01ec143dae273a17__5  slide-6 slide-even'><div data-rel='slideshow-1' class='avia-slide-wrap '   ><img fetchpriority=\"high\" class=\"wp-image-1023 avia-img-lazy-loading-not-1023\"  src='https:\/\/olliswood.be\/wp-content\/uploads\/2021\/01\/IMG-20210113-WA0002-805x430.jpg' width='805' height='430' title='R\u00e9alisation espace de rangement et dressing en bois sur mesure' alt='R\u00e9alisation espace de rangement et dressing en bois sur mesure'  itemprop=\"thumbnailUrl\"   \/><\/div><\/li><li  class='avia-slideshow-slide av-av_slideshow_full-348d2e99feaaf70c01ec143dae273a17__6  slide-7 slide-odd'><div data-rel='slideshow-1' class='avia-slide-wrap '  title='R\u00e9alisation meuble de rangement en bois sur mesure' ><img fetchpriority=\"high\" class=\"wp-image-722 avia-img-lazy-loading-not-722\"  src='https:\/\/olliswood.be\/wp-content\/uploads\/2019\/08\/PHOTO-2018-12-02-18-27-56-1500x430.jpg' width='1500' height='430' title='R\u00e9alisation meuble de rangement en bois sur mesure' alt='R\u00e9alisation meuble de rangement en bois sur mesure'  itemprop=\"thumbnailUrl\"   \/><\/div><\/li><li  class='avia-slideshow-slide av-av_slideshow_full-348d2e99feaaf70c01ec143dae273a17__7  slide-8 slide-even'><div data-rel='slideshow-1' class='avia-slide-wrap '   ><img fetchpriority=\"high\" class=\"wp-image-1426 avia-img-lazy-loading-not-1426\"  src='https:\/\/olliswood.be\/wp-content\/uploads\/2024\/10\/IMG-20240923-WA0054-1500x430.jpg' width='1500' height='430' title='Meuble mural sur mesure avec niches en bois' alt='Meuble mural sur mesure avec niches d\u00e9coratives en bois \u2013 menuiserie sur mesure dans le Brabant wallon Belgique'  itemprop=\"thumbnailUrl\"   \/><\/div><\/li><li  class='avia-slideshow-slide av-av_slideshow_full-348d2e99feaaf70c01ec143dae273a17__8  slide-9 slide-odd'><div data-rel='slideshow-1' class='avia-slide-wrap '  title='Fabrication d\u2019un mur complet de placards sur mesure avec fa\u00e7ades \u00e9pur\u00e9es et niches d\u00e9coratives en bois int\u00e9gr\u00e9es. Am\u00e9nagement int\u00e9rieur r\u00e9alis\u00e9 par une menuiserie sur mesure dans le Brabant wallon en Belgique.' ><img fetchpriority=\"high\" class=\"wp-image-1418 avia-img-lazy-loading-not-1418\"  src='https:\/\/olliswood.be\/wp-content\/uploads\/2024\/10\/IMG-20240923-WA0045-1500x430.jpg' width='1500' height='430' title='Mur de placards sur mesure avec niches int\u00e9gr\u00e9es' alt='Placards muraux sur mesure avec niches d\u00e9coratives en bois \u2013 menuiserie sur mesure Brabant wallon Belgique'  itemprop=\"thumbnailUrl\"   \/><\/div><\/li><li  class='avia-slideshow-slide av-av_slideshow_full-348d2e99feaaf70c01ec143dae273a17__9  slide-10 slide-even'><div data-rel='slideshow-1' class='avia-slide-wrap '   ><img fetchpriority=\"high\" class=\"wp-image-1411 avia-img-lazy-loading-not-1411\"  src='https:\/\/olliswood.be\/wp-content\/uploads\/2024\/10\/IMG-20240923-WA0023-1500x430.jpg' width='1500' height='430' title='Menuiserie de d\u00e9coration en int\u00e9rieur' alt='Menuiserie de d\u00e9coration en int\u00e9rieur'  itemprop=\"thumbnailUrl\"   \/><\/div><\/li><li  class='avia-slideshow-slide av-av_slideshow_full-348d2e99feaaf70c01ec143dae273a17__10  slide-11 slide-odd'><div data-rel='slideshow-1' class='avia-slide-wrap '   ><img fetchpriority=\"high\" class=\"wp-image-1409 avia-img-lazy-loading-not-1409\"  src='https:\/\/olliswood.be\/wp-content\/uploads\/2024\/10\/IMG-20240923-WA0055-1500x430.jpg' width='1500' height='430' title='Menuiserie de d\u00e9coration en int\u00e9rieur' alt='Menuiserie de d\u00e9coration en int\u00e9rieur'  itemprop=\"thumbnailUrl\"   \/><\/div><\/li><li  class='avia-slideshow-slide av-av_slideshow_full-348d2e99feaaf70c01ec143dae273a17__11  slide-12 slide-even'><div data-rel='slideshow-1' class='avia-slide-wrap '  title='Conception d\u2019un am\u00e9nagement sous escalier sur mesure comprenant des placards, tiroirs de rangement et un coin vestiaire avec habillage en tasseaux bois. R\u00e9alisation en menuiserie sur mesure dans le Brabant wallon en Belgique.' ><img fetchpriority=\"high\" class=\"wp-image-1393 avia-img-lazy-loading-not-1393\"  src='https:\/\/olliswood.be\/wp-content\/uploads\/2024\/10\/IMG-20240923-WA0026-1500x430.jpg' width='1500' height='430' title='Rangement sous escalier sur mesure avec vestiaire' alt='Am\u00e9nagement sous escalier sur mesure avec placards, tiroirs et vestiaire \u2013 menuiserie sur mesure Brabant wallon Belgique'  itemprop=\"thumbnailUrl\"   \/><\/div><\/li><\/ul><div class='avia-slideshow-arrows avia-slideshow-controls' ><a href='#prev' class='prev-slide  avia-svg-icon avia-font-svg_entypo-fontello' data-av_svg_icon='left-open-big' data-av_iconset='svg_entypo-fontello' tabindex='-1' title=\"Pr\u00e9c\u00e9dent\"><svg version=\"1.1\" xmlns=\"http:\/\/www.w3.org\/2000\/svg\" width=\"15\" height=\"32\" viewBox=\"0 0 15 32\" preserveAspectRatio=\"xMidYMid meet\" aria-labelledby='av-svg-title-1' aria-describedby='av-svg-desc-1' role=\"graphics-symbol\" aria-hidden=\"true\">\n<title id='av-svg-title-1'>Pr\u00e9c\u00e9dent<\/title>\n<desc id='av-svg-desc-1'>Pr\u00e9c\u00e9dent<\/desc>\n<path d=\"M14.464 27.84q0.832 0.832 0 1.536-0.832 0.832-1.536 0l-12.544-12.608q-0.768-0.768 0-1.6l12.544-12.608q0.704-0.832 1.536 0 0.832 0.704 0 1.536l-11.456 11.904z\"><\/path>\n<\/svg><span class='avia_hidden_link_text'>Pr\u00e9c\u00e9dent<\/span><\/a><a href='#next' class='next-slide  avia-svg-icon avia-font-svg_entypo-fontello' data-av_svg_icon='right-open-big' data-av_iconset='svg_entypo-fontello' tabindex='-1' title=\"Suivant\"><svg version=\"1.1\" xmlns=\"http:\/\/www.w3.org\/2000\/svg\" width=\"15\" height=\"32\" viewBox=\"0 0 15 32\" preserveAspectRatio=\"xMidYMid meet\" aria-labelledby='av-svg-title-2' aria-describedby='av-svg-desc-2' role=\"graphics-symbol\" aria-hidden=\"true\">\n<title id='av-svg-title-2'>Suivant<\/title>\n<desc id='av-svg-desc-2'>Suivant<\/desc>\n<path d=\"M0.416 27.84l11.456-11.84-11.456-11.904q-0.832-0.832 0-1.536 0.832-0.832 1.536 0l12.544 12.608q0.768 0.832 0 1.6l-12.544 12.608q-0.704 0.832-1.536 0-0.832-0.704 0-1.536z\"><\/path>\n<\/svg><span class='avia_hidden_link_text'>Suivant<\/span><\/a><\/div><div class='avia-slideshow-dots avia-slideshow-controls'><a href='#1' class='goto-slide active' >1<\/a><a href='#2' class='goto-slide ' >2<\/a><a href='#3' class='goto-slide ' >3<\/a><a href='#4' class='goto-slide ' >4<\/a><a href='#5' class='goto-slide ' >5<\/a><a href='#6' class='goto-slide ' >6<\/a><a href='#7' class='goto-slide ' >7<\/a><a href='#8' class='goto-slide ' >8<\/a><a href='#9' class='goto-slide ' >9<\/a><a href='#10' class='goto-slide ' >10<\/a><a href='#11' class='goto-slide ' >11<\/a><a href='#12' class='goto-slide ' >12<\/a><\/div><\/div><\/div><div id='after_full_slider_1'  class='main_color av_default_container_wrap container_wrap fullsize'  ><div class='container av-section-cont-open' ><div class='template-page content  av-content-full alpha units'><div class='post-entry post-entry-type-page post-entry-1833'><div class='entry-content-wrapper clearfix'><\/p><p><div  class='hr av-av_hr-0ff602b3e980a3377077ff3c1c834df6 hr-default  avia-builder-el-1  el_after_av_slideshow_full  el_before_av_one_full  avia-builder-el-first '><span class='hr-inner '><span class=\"hr-inner-style\"><\/span><\/span><\/div><\/p><p>\n<style type=\"text\/css\" data-created_by=\"avia_inline_auto\" id=\"style-css-av-av_one_full-15d750bd1b332b34c6e70b077ebbccdf\">\n.flex_column.av-av_one_full-15d750bd1b332b34c6e70b077ebbccdf{\nborder-radius:0px 0px 0px 0px;\npadding:0px 0px 0px 0px;\n}\n<\/style>\n<div  class='flex_column av-av_one_full-15d750bd1b332b34c6e70b077ebbccdf av_one_full  avia-builder-el-2  el_after_av_hr  el_before_av_one_full  first flex_column_div av-zero-column-padding  '     ><style type=\"text\/css\" data-created_by=\"avia_inline_auto\" id=\"style-css-av-av_textblock-cbd16d0ee98e89a0b8e97d977ac593c5\">\n#top .av_textblock_section.av-av_textblock-cbd16d0ee98e89a0b8e97d977ac593c5 .avia_textblock{\ncolor:#545454;\n}\n<\/style>\n<section  class='av_textblock_section av-av_textblock-cbd16d0ee98e89a0b8e97d977ac593c5 '   itemscope=\"itemscope\" itemtype=\"https:\/\/schema.org\/CreativeWork\" ><div class='avia_textblock av_inherit_color'  itemprop=\"text\" ><h4 style=\"text-align: center;\">Derni\u00e8res r\u00e9alisations<\/h4>\n<\/div><\/section><div id='av-masonry-1' class='av-masonry av-av_masonry_gallery-72a20846860fc3ab9b8f94e0d1957b10 noHover av-fixed-size av-large-gap av-hover-overlay-active av-masonry-animation-active av-masonry-col-flexible av-caption-always av-caption-style- av-masonry-gallery ' data-post_id=\"1833\"><div class=\"av-masonry-container isotope av-js-disabled\"><div class='av-masonry-entry isotope-item av-masonry-item-no-image '><\/div><a href=\"https:\/\/olliswood.be\/wp-content\/uploads\/2024\/10\/IMG-20240923-WA0021-1030x773.jpg\"  aria-label=\"image Bureau et rangements sous pente sur mesure\"  id='av-masonry-1-item-1384' data-av-masonry-item='1384' class='av-masonry-entry isotope-item post-1384 attachment type-attachment status-inherit hentry  av-masonry-item-with-image' title=\"Bureau et rangements sous pente sur mesure\" alt=\"Bureau sous pente sur mesure avec placards et niches \u00e9clair\u00e9es \u2013 menuiserie sur mesure Brabant wallon Belgique\"    itemprop=\"thumbnailUrl\" ><div class='av-inner-masonry-sizer'><\/div><figure class='av-inner-masonry main_color'><div class=\"av-masonry-outerimage-container\"><div class='av-masonry-image-container' style=\"background-image: url(https:\/\/olliswood.be\/wp-content\/uploads\/2024\/10\/IMG-20240923-WA0021-705x529.jpg);\"  title=\"Bureau et rangements sous pente sur mesure\" ><\/div><\/div><\/figure><\/a><!--end av-masonry entry--><a href=\"https:\/\/olliswood.be\/wp-content\/uploads\/2024\/10\/IMG-20240923-WA0018-773x1030.jpg\"  aria-label=\"image Biblioth\u00e8que murale sur mesure dans un salon\"  id='av-masonry-1-item-1367' data-av-masonry-item='1367' class='av-masonry-entry isotope-item post-1367 attachment type-attachment status-inherit hentry  av-masonry-item-with-image' title=\"Biblioth\u00e8que murale sur mesure dans un salon\" alt=\"Grande biblioth\u00e8que murale sur mesure toute largeur avec rangements bas \u2013 menuiserie sur mesure Brabant wallon Belgique\"    itemprop=\"thumbnailUrl\" ><div class='av-inner-masonry-sizer'><\/div><figure class='av-inner-masonry main_color'><div class=\"av-masonry-outerimage-container\"><div class='av-masonry-image-container' style=\"background-image: url(https:\/\/olliswood.be\/wp-content\/uploads\/2024\/10\/IMG-20240923-WA0018-529x705.jpg);\"  title=\"Biblioth\u00e8que murale sur mesure dans un salon\" ><\/div><\/div><\/figure><\/a><!--end av-masonry entry--><a href=\"https:\/\/olliswood.be\/wp-content\/uploads\/2024\/10\/IMG-20240923-WA0010-1030x773.jpg\"  aria-label=\"image Meuble mural salon sur mesure avec \u00e9clairage int\u00e9gr\u00e9\"  id='av-masonry-1-item-1364' data-av-masonry-item='1364' class='av-masonry-entry isotope-item post-1364 attachment type-attachment status-inherit hentry  av-masonry-item-with-image' title=\"Meuble mural salon sur mesure avec \u00e9clairage int\u00e9gr\u00e9\" alt=\"Am\u00e9nagement mural de salon sur mesure avec niches \u00e9clair\u00e9es et rangements int\u00e9gr\u00e9s \u2013 menuiserie sur mesure Brabant wallon Belgique\"    itemprop=\"thumbnailUrl\" ><div class='av-inner-masonry-sizer'><\/div><figure class='av-inner-masonry main_color'><div class=\"av-masonry-outerimage-container\"><div class='av-masonry-image-container' style=\"background-image: url(https:\/\/olliswood.be\/wp-content\/uploads\/2024\/10\/IMG-20240923-WA0010-705x529.jpg);\"  title=\"Meuble mural salon sur mesure avec \u00e9clairage int\u00e9gr\u00e9\" ><\/div><\/div><\/figure><\/a><!--end av-masonry entry--><a href=\"https:\/\/olliswood.be\/wp-content\/uploads\/2022\/07\/IMG-20220625-WA0000.jpg\"  aria-label=\"image Placard et meuble de rangement sur mesure\"  id='av-masonry-1-item-1227' data-av-masonry-item='1227' class='av-masonry-entry isotope-item post-1227 attachment type-attachment status-inherit hentry  av-masonry-item-with-image' title=\"Placard et meuble de rangement sur mesure\" alt=\"Placard et meuble de rangement sur mesure\"    itemprop=\"thumbnailUrl\" ><div class='av-inner-masonry-sizer'><\/div><figure class='av-inner-masonry main_color'><div class=\"av-masonry-outerimage-container\"><div class='av-masonry-image-container' style=\"background-image: url(https:\/\/olliswood.be\/wp-content\/uploads\/2022\/07\/IMG-20220625-WA0000-705x529.jpg);\"  title=\"Placard et meuble de rangement sur mesure\" ><\/div><\/div><\/figure><\/a><!--end av-masonry entry--><\/div><\/div><\/p><\/div><\/p><p>\n<style type=\"text\/css\" data-created_by=\"avia_inline_auto\" id=\"style-css-av-av_one_full-15d750bd1b332b34c6e70b077ebbccdf\">\n.flex_column.av-av_one_full-15d750bd1b332b34c6e70b077ebbccdf{\nborder-radius:0px 0px 0px 0px;\npadding:0px 0px 0px 0px;\n}\n<\/style>\n<div  class='flex_column av-av_one_full-15d750bd1b332b34c6e70b077ebbccdf av_one_full  avia-builder-el-5  el_after_av_one_full  el_before_av_textblock  first flex_column_div av-zero-column-padding  column-top-margin'     ><\/div><\/p><p><section  class='av_textblock_section av-av_textblock-2de302bf1aa3cf4c9157dbe6f50ac7eb '   itemscope=\"itemscope\" itemtype=\"https:\/\/schema.org\/CreativeWork\" ><div class='avia_textblock'  itemprop=\"text\" ><\/div><\/section><\/p><div class=\"x_elementToProof\"><p data-start=\"228\" data-end=\"497\">\u00a0<\/p><\/div>\t\t\t\t\t\t\t\t<\/div>\n\t\t\t\t<\/div>\n\t\t\t\t\t<\/div>\n\t\t\t\t<\/div>\n\t\t<div class=\"elementor-element elementor-element-421e4fc8 e-flex e-con-boxed e-con e-parent\" data-id=\"421e4fc8\" data-element_type=\"container\" data-e-type=\"container\">\n\t\t\t\t\t<div class=\"e-con-inner\">\n\t\t\t\t<div class=\"elementor-element elementor-element-46c6ac07 elementor-widget elementor-widget-text-editor\" data-id=\"46c6ac07\" data-element_type=\"widget\" data-e-type=\"widget\" data-widget_type=\"text-editor.default\">\n\t\t\t\t<div class=\"elementor-widget-container\">\n\t\t\t\t\t\t\t\t\t<div><p data-start=\"448\" data-end=\"800\"><strong data-start=\"448\" data-end=\"472\">Menuisier \u00e0 Waterloo<\/strong>, Olliswood con\u00e7oit et r\u00e9alise des projets de menuiserie sur mesure haut de gamme pour les particuliers et les professionnels exigeants. Sp\u00e9cialis\u00e9s dans l\u2019am\u00e9nagement int\u00e9rieur personnalis\u00e9, nous intervenons r\u00e9guli\u00e8rement \u00e0 Waterloo pour cr\u00e9er des meubles sur mesure et des agencements parfaitement adapt\u00e9s \u00e0 chaque habitation.<\/p><p data-start=\"802\" data-end=\"1124\">Bas\u00e9e \u00e0 Rixensart (1330), notre entreprise de menuiserie accompagne ses clients \u00e0 Waterloo et dans l\u2019ensemble du Brabant wallon pour des projets alliant esth\u00e9tique, fonctionnalit\u00e9 et qualit\u00e9 artisanale. Chaque r\u00e9alisation est pens\u00e9e pour optimiser les volumes, structurer l\u2019espace et valoriser durablement votre int\u00e9rieur.<\/p><h2 data-start=\"1131\" data-end=\"1138\">\u00a0<\/h2><h2 data-start=\"1139\" data-end=\"1210\"><strong data-start=\"1139\" data-end=\"1210\">Votre menuisier \u00e0 Waterloo pour un am\u00e9nagement int\u00e9rieur sur mesure<\/strong><\/h2><p data-start=\"1212\" data-end=\"1337\">Nous r\u00e9alisons \u00e0 Waterloo des projets complets de menuiserie sur mesure, adapt\u00e9s aux dimensions exactes de votre habitation :<\/p><ul data-start=\"782\" data-end=\"1014\"><li style=\"list-style-type: none;\" data-start=\"782\" data-end=\"806\"><ul style=\"font-style: normal; font-variant-ligatures: normal; font-variant-caps: normal; font-weight: 400; font-size: 16px; font-family: Roboto, sans-serif; list-style-type: none;\" data-start=\"782\" data-end=\"1014\"><li style=\"margin-left: 0px; padding-top: 0px; padding-bottom: 0px;\" data-start=\"782\" data-end=\"806\"><p data-start=\"784\" data-end=\"806\"><a href=\"https:\/\/olliswood.be\/index.php\/dressing\/\">Dressings sur mesure<\/a><\/p><\/li><li style=\"margin-left: 0px; padding-top: 0px; padding-bottom: 0px;\" data-start=\"807\" data-end=\"834\"><p data-start=\"809\" data-end=\"834\"><a href=\"https:\/\/olliswood.be\/index.php\/bibliotheque-sur-mesure\/\">Biblioth\u00e8ques int\u00e9gr\u00e9es<\/a><\/p><\/li><li style=\"margin-left: 0px; padding-top: 0px; padding-bottom: 0px;\" data-start=\"835\" data-end=\"863\"><p data-start=\"837\" data-end=\"863\"><a href=\"https:\/\/olliswood.be\/index.php\/meuble-tv-sur-mesure-belgique\/\">Meubles TV personnalis\u00e9s<\/a><\/p><\/li><li style=\"margin-left: 0px; padding-top: 0px; padding-bottom: 0px;\" data-start=\"864\" data-end=\"886\"><p data-start=\"866\" data-end=\"886\"><a href=\"https:\/\/olliswood.be\/index.php\/bureau-sur-mesure\/\">Bureaux sur mesure<\/a><\/p><\/li><li style=\"margin-left: 0px; padding-top: 0px; padding-bottom: 0px;\" data-start=\"887\" data-end=\"920\"><p data-start=\"889\" data-end=\"920\"><a href=\"https:\/\/olliswood.be\/index.php\/espace-rangement-sur-mesure\/\">Espace rangement sur mesure<\/a><\/p><\/li><li style=\"margin-left: 0px; padding-top: 0px; padding-bottom: 0px;\" data-start=\"921\" data-end=\"951\"><p data-start=\"923\" data-end=\"951\"><a href=\"https:\/\/olliswood.be\/index.php\/vestiaire-sur-mesure-belgique\/\">Vestiaire sur mesure<\/a><\/p><\/li><li style=\"margin-left: 0px; padding-top: 0px; padding-bottom: 0px;\" data-start=\"952\" data-end=\"981\"><p data-start=\"954\" data-end=\"981\"><a href=\"https:\/\/olliswood.be\/index.php\/salle-de-bain-sur-mesure-belgique\/\">Salles de bain sur mesure<\/a><\/p><\/li><li style=\"margin-left: 0px; padding-top: 0px; padding-bottom: 0px;\" data-start=\"982\" data-end=\"1014\"><p data-start=\"984\" data-end=\"1014\"><a href=\"https:\/\/olliswood.be\/index.php\/chambre-a-coucher-sur-mesure-belgique\/\">Chambres et mobilier int\u00e9gr\u00e9<\/a><\/p><\/li><\/ul><\/li><\/ul><\/div><p data-start=\"1573\" data-end=\"1820\">Chaque projet de menuiserie \u00e0 Waterloo est \u00e9tudi\u00e9 en fonction de vos besoins, de votre style de vie et de la configuration de votre int\u00e9rieur. Notre objectif est de cr\u00e9er des am\u00e9nagements durables, \u00e9l\u00e9gants et parfaitement int\u00e9gr\u00e9s \u00e0 votre espace.<\/p><h2 data-start=\"1827\" data-end=\"1834\">\u00a0<\/h2><h2 data-start=\"1835\" data-end=\"1902\"><strong data-start=\"1835\" data-end=\"1902\">Un artisan menuisier actif \u00e0 Waterloo et dans le Brabant wallon<\/strong><\/h2><p data-start=\"1904\" data-end=\"2163\">Depuis plus de 16 ans, Olliswood met son savoir-faire artisanal au service de projets de menuiserie sur mesure \u00e0 Waterloo. Nous intervenons \u00e9galement dans les communes voisines telles que Lasne, La Hulpe, Genval, Wavre, Braine-l\u2019Alleud, Nivelles et Ottignies.<\/p><p data-start=\"2165\" data-end=\"2237\">Notre proximit\u00e9 avec Waterloo nous permet d\u2019intervenir rapidement pour :<\/p><ul data-start=\"2239\" data-end=\"2432\"><li data-start=\"2239\" data-end=\"2281\"><p data-start=\"2241\" data-end=\"2281\">la conception de meubles personnalis\u00e9s<\/p><\/li><li data-start=\"2282\" data-end=\"2330\"><p data-start=\"2284\" data-end=\"2330\">la cr\u00e9ation d\u2019am\u00e9nagements muraux sur mesure<\/p><\/li><li data-start=\"2331\" data-end=\"2384\"><p data-start=\"2333\" data-end=\"2384\">la fabrication de dressings et placards encastr\u00e9s<\/p><\/li><li data-start=\"2385\" data-end=\"2432\"><p data-start=\"2387\" data-end=\"2432\">l\u2019installation compl\u00e8te de mobilier int\u00e9gr\u00e9<\/p><\/li><\/ul><p data-start=\"2434\" data-end=\"2572\">Nous accompagnons chaque client de la conception \u00e0 la pose, avec un suivi personnalis\u00e9 et une attention particuli\u00e8re port\u00e9e aux finitions.<\/p><h2 data-start=\"2579\" data-end=\"2586\">\u00a0<\/h2><h2 data-start=\"2587\" data-end=\"2648\"><strong data-start=\"2587\" data-end=\"2648\">Des mat\u00e9riaux de qualit\u00e9 pour votre menuiserie \u00e0 Waterloo<\/strong><\/h2><p data-start=\"2650\" data-end=\"2761\">Nous s\u00e9lectionnons des mat\u00e9riaux robustes et esth\u00e9tiques afin de garantir la durabilit\u00e9 de chaque r\u00e9alisation :<\/p><ul data-start=\"2763\" data-end=\"2908\"><li data-start=\"2763\" data-end=\"2779\"><p data-start=\"2765\" data-end=\"2779\">Ch\u00eane massif<\/p><\/li><li data-start=\"2780\" data-end=\"2789\"><p data-start=\"2782\" data-end=\"2789\">H\u00eatre<\/p><\/li><li data-start=\"2790\" data-end=\"2805\"><p data-start=\"2792\" data-end=\"2805\">Palissandre<\/p><\/li><li data-start=\"2806\" data-end=\"2815\"><p data-start=\"2808\" data-end=\"2815\">Weng\u00e9<\/p><\/li><li data-start=\"2816\" data-end=\"2852\"><p data-start=\"2818\" data-end=\"2852\">Panneaux m\u00e9lamin\u00e9s haut de gamme<\/p><\/li><li data-start=\"2853\" data-end=\"2908\"><p data-start=\"2855\" data-end=\"2908\">Structures bois adapt\u00e9es aux contraintes techniques<\/p><\/li><\/ul><p data-start=\"2910\" data-end=\"3078\">Chaque meuble sur mesure r\u00e9alis\u00e9 \u00e0 Waterloo est fabriqu\u00e9 avec pr\u00e9cision dans notre atelier afin d\u2019assurer solidit\u00e9, stabilit\u00e9 et int\u00e9gration parfaite \u00e0 votre int\u00e9rieur.<\/p><h2 data-start=\"3085\" data-end=\"3092\">\u00a0<\/h2><h2 data-start=\"3093\" data-end=\"3161\"><strong data-start=\"3093\" data-end=\"3161\">Menuisier \u00e0 Waterloo pour projets r\u00e9sidentiels et professionnels<\/strong><\/h2><p data-start=\"3163\" data-end=\"3391\">Que vous soyez propri\u00e9taire d\u2019une maison \u00e0 Waterloo, en r\u00e9novation d\u2019un appartement ou professionnel souhaitant am\u00e9nager un espace de travail, nous concevons des solutions adapt\u00e9es \u00e0 votre budget et \u00e0 vos contraintes techniques.<\/p><p data-start=\"3393\" data-end=\"3453\">Nos projets de menuiserie sur mesure \u00e0 Waterloo permettent :<\/p><ul data-start=\"3455\" data-end=\"3658\"><li data-start=\"3455\" data-end=\"3499\"><p data-start=\"3457\" data-end=\"3499\">d\u2019optimiser chaque centim\u00e8tre disponible<\/p><\/li><li data-start=\"3500\" data-end=\"3542\"><p data-start=\"3502\" data-end=\"3542\">d\u2019am\u00e9liorer l\u2019organisation quotidienne<\/p><\/li><li data-start=\"3543\" data-end=\"3592\"><p data-start=\"3545\" data-end=\"3592\">de cr\u00e9er un int\u00e9rieur harmonieux et structur\u00e9<\/p><\/li><li data-start=\"3593\" data-end=\"3658\"><p data-start=\"3595\" data-end=\"3658\">d\u2019apporter une v\u00e9ritable valeur esth\u00e9tique \u00e0 votre habitation<\/p><\/li><\/ul><h2 data-start=\"3665\" data-end=\"3672\">\u00a0<\/h2><h2 data-start=\"3673\" data-end=\"3717\"><strong data-start=\"3673\" data-end=\"3717\">Une expertise locale reconnue \u00e0 Waterloo<\/strong><\/h2><p data-start=\"3719\" data-end=\"4049\">Nous intervenons r\u00e9guli\u00e8rement dans les diff\u00e9rents quartiers de Waterloo, que ce soit dans le centre-ville, \u00e0 Joli-Bois ou aux abords de Mont-Saint-Jean. Notre connaissance du secteur et des styles architecturaux locaux nous permet d\u2019adapter chaque projet \u00e0 son environnement et aux attentes sp\u00e9cifiques des habitants de Waterloo.<\/p><p data-start=\"3719\" data-end=\"4049\">Pour en savoir plus sur la commune et son environnement, consultez le <a href=\"http:\/\/Pour en savoir plus sur la commune et son environnement, consultez le site officiel de la commune de Waterloo : \ud83d\udc49 https:\/\/www.waterloo.be\">site officiel de la commune de Waterloo<\/a>\u00a0<\/p><h2 data-start=\"4056\" data-end=\"4063\">\u00a0<\/h2><h2 data-start=\"4064\" data-end=\"4111\"><strong data-start=\"4064\" data-end=\"4111\">Un projet avec votre menuisier \u00e0 Waterloo ?<\/strong><\/h2><p data-start=\"4113\" data-end=\"4333\">Chaque demande est \u00e9tudi\u00e9e avec soin afin de proposer une solution personnalis\u00e9e et durable. Nous vous conseillons sur les mat\u00e9riaux, les finitions et l\u2019agencement pour cr\u00e9er un projet parfaitement adapt\u00e9 \u00e0 votre espace.<\/p><p data-start=\"4335\" data-end=\"4446\">Contactez Olliswood, votre <strong data-start=\"4362\" data-end=\"4386\">menuisier \u00e0 Waterloo<\/strong>, pour discuter de votre projet et obtenir un devis gratuit.<\/p>\t\t\t\t\t\t\t\t<\/div>\n\t\t\t\t<\/div>\n\t\t\t\t\t<\/div>\n\t\t\t\t<\/div>\n\t\t\t\t<\/div>\n\t\t","protected":false},"excerpt":{"rendered":"<p>\u00a0 Menuisier \u00e0 Waterloo, Olliswood con\u00e7oit et r\u00e9alise des projets de menuiserie sur mesure haut de gamme pour les particuliers et les professionnels exigeants. Sp\u00e9cialis\u00e9s dans l\u2019am\u00e9nagement int\u00e9rieur personnalis\u00e9, nous intervenons r\u00e9guli\u00e8rement \u00e0 Waterloo pour cr\u00e9er des meubles sur mesure et des agencements parfaitement adapt\u00e9s \u00e0 chaque habitation. Bas\u00e9e \u00e0 Rixensart (1330), notre entreprise de [&hellip;]<\/p>\n","protected":false},"author":4,"featured_media":0,"parent":0,"menu_order":0,"comment_status":"closed","ping_status":"closed","template":"","meta":{"footnotes":""},"class_list":["post-1833","page","type-page","status-publish","hentry"],"yoast_head":"<!-- This site is optimized with the Yoast SEO plugin v27.0 - https:\/\/yoast.com\/product\/yoast-seo-wordpress\/ -->\n<title>Menuisier \u00e0 Waterloo \u2013 Menuiserie sur mesure haut de gamme - Olliswood<\/title>\n<meta name=\"robots\" content=\"index, follow, max-snippet:-1, max-image-preview:large, max-video-preview:-1\" \/>\n<link rel=\"canonical\" href=\"https:\/\/olliswood.be\/index.php\/menuiserie-sur-mesure-a-waterloo\/\" \/>\n<meta property=\"og:locale\" content=\"fr_FR\" \/>\n<meta property=\"og:type\" content=\"article\" \/>\n<meta property=\"og:title\" content=\"Menuisier \u00e0 Waterloo \u2013 Menuiserie sur mesure haut de gamme - Olliswood\" \/>\n<meta property=\"og:description\" content=\"\u00a0 Menuisier \u00e0 Waterloo, Olliswood con\u00e7oit et r\u00e9alise des projets de menuiserie sur mesure haut de gamme pour les particuliers et les professionnels exigeants. Sp\u00e9cialis\u00e9s dans l\u2019am\u00e9nagement int\u00e9rieur personnalis\u00e9, nous intervenons r\u00e9guli\u00e8rement \u00e0 Waterloo pour cr\u00e9er des meubles sur mesure et des agencements parfaitement adapt\u00e9s \u00e0 chaque habitation. Bas\u00e9e \u00e0 Rixensart (1330), notre entreprise de [&hellip;]\" \/>\n<meta property=\"og:url\" content=\"https:\/\/olliswood.be\/index.php\/menuiserie-sur-mesure-a-waterloo\/\" \/>\n<meta property=\"og:site_name\" content=\"Olliswood\" \/>\n<meta property=\"article:publisher\" content=\"https:\/\/www.facebook.com\/Ollis-Wood-302884683510477\" \/>\n<meta property=\"article:modified_time\" content=\"2026-02-25T07:16:14+00:00\" \/>\n<meta name=\"twitter:card\" content=\"summary_large_image\" \/>\n<meta name=\"twitter:label1\" content=\"Dur\u00e9e de lecture estim\u00e9e\" \/>\n\t<meta name=\"twitter:data1\" content=\"3 minutes\" \/>\n<script type=\"application\/ld+json\" class=\"yoast-schema-graph\">{\"@context\":\"https:\/\/schema.org\",\"@graph\":[{\"@type\":\"WebPage\",\"@id\":\"https:\/\/olliswood.be\/index.php\/menuiserie-sur-mesure-a-waterloo\/\",\"url\":\"https:\/\/olliswood.be\/index.php\/menuiserie-sur-mesure-a-waterloo\/\",\"name\":\"Menuisier \u00e0 Waterloo \u2013 Menuiserie sur mesure haut de gamme - Olliswood\",\"isPartOf\":{\"@id\":\"https:\/\/olliswood.be\/#website\"},\"datePublished\":\"2026-02-23T14:34:35+00:00\",\"dateModified\":\"2026-02-25T07:16:14+00:00\",\"breadcrumb\":{\"@id\":\"https:\/\/olliswood.be\/index.php\/menuiserie-sur-mesure-a-waterloo\/#breadcrumb\"},\"inLanguage\":\"fr-FR\",\"potentialAction\":[{\"@type\":\"ReadAction\",\"target\":[\"https:\/\/olliswood.be\/index.php\/menuiserie-sur-mesure-a-waterloo\/\"]}]},{\"@type\":\"BreadcrumbList\",\"@id\":\"https:\/\/olliswood.be\/index.php\/menuiserie-sur-mesure-a-waterloo\/#breadcrumb\",\"itemListElement\":[{\"@type\":\"ListItem\",\"position\":1,\"name\":\"Accueil\",\"item\":\"https:\/\/olliswood.be\/index.php\/accueil\/\"},{\"@type\":\"ListItem\",\"position\":2,\"name\":\"Menuisier \u00e0 Waterloo \u2013 Menuiserie sur mesure haut de gamme\"}]},{\"@type\":\"WebSite\",\"@id\":\"https:\/\/olliswood.be\/#website\",\"url\":\"https:\/\/olliswood.be\/\",\"name\":\"Olliswood\",\"description\":\"Menuiserie sur mesure\",\"potentialAction\":[{\"@type\":\"SearchAction\",\"target\":{\"@type\":\"EntryPoint\",\"urlTemplate\":\"https:\/\/olliswood.be\/?s={search_term_string}\"},\"query-input\":{\"@type\":\"PropertyValueSpecification\",\"valueRequired\":true,\"valueName\":\"search_term_string\"}}],\"inLanguage\":\"fr-FR\"}]}<\/script>\n<!-- \/ Yoast SEO plugin. -->","yoast_head_json":{"title":"Menuisier \u00e0 Waterloo \u2013 Menuiserie sur mesure haut de gamme - Olliswood","robots":{"index":"index","follow":"follow","max-snippet":"max-snippet:-1","max-image-preview":"max-image-preview:large","max-video-preview":"max-video-preview:-1"},"canonical":"https:\/\/olliswood.be\/index.php\/menuiserie-sur-mesure-a-waterloo\/","og_locale":"fr_FR","og_type":"article","og_title":"Menuisier \u00e0 Waterloo \u2013 Menuiserie sur mesure haut de gamme - Olliswood","og_description":"\u00a0 Menuisier \u00e0 Waterloo, Olliswood con\u00e7oit et r\u00e9alise des projets de menuiserie sur mesure haut de gamme pour les particuliers et les professionnels exigeants. Sp\u00e9cialis\u00e9s dans l\u2019am\u00e9nagement int\u00e9rieur personnalis\u00e9, nous intervenons r\u00e9guli\u00e8rement \u00e0 Waterloo pour cr\u00e9er des meubles sur mesure et des agencements parfaitement adapt\u00e9s \u00e0 chaque habitation. Bas\u00e9e \u00e0 Rixensart (1330), notre entreprise de [&hellip;]","og_url":"https:\/\/olliswood.be\/index.php\/menuiserie-sur-mesure-a-waterloo\/","og_site_name":"Olliswood","article_publisher":"https:\/\/www.facebook.com\/Ollis-Wood-302884683510477","article_modified_time":"2026-02-25T07:16:14+00:00","twitter_card":"summary_large_image","twitter_misc":{"Dur\u00e9e de lecture estim\u00e9e":"3 minutes"},"schema":{"@context":"https:\/\/schema.org","@graph":[{"@type":"WebPage","@id":"https:\/\/olliswood.be\/index.php\/menuiserie-sur-mesure-a-waterloo\/","url":"https:\/\/olliswood.be\/index.php\/menuiserie-sur-mesure-a-waterloo\/","name":"Menuisier \u00e0 Waterloo \u2013 Menuiserie sur mesure haut de gamme - Olliswood","isPartOf":{"@id":"https:\/\/olliswood.be\/#website"},"datePublished":"2026-02-23T14:34:35+00:00","dateModified":"2026-02-25T07:16:14+00:00","breadcrumb":{"@id":"https:\/\/olliswood.be\/index.php\/menuiserie-sur-mesure-a-waterloo\/#breadcrumb"},"inLanguage":"fr-FR","potentialAction":[{"@type":"ReadAction","target":["https:\/\/olliswood.be\/index.php\/menuiserie-sur-mesure-a-waterloo\/"]}]},{"@type":"BreadcrumbList","@id":"https:\/\/olliswood.be\/index.php\/menuiserie-sur-mesure-a-waterloo\/#breadcrumb","itemListElement":[{"@type":"ListItem","position":1,"name":"Accueil","item":"https:\/\/olliswood.be\/index.php\/accueil\/"},{"@type":"ListItem","position":2,"name":"Menuisier \u00e0 Waterloo \u2013 Menuiserie sur mesure haut de gamme"}]},{"@type":"WebSite","@id":"https:\/\/olliswood.be\/#website","url":"https:\/\/olliswood.be\/","name":"Olliswood","description":"Menuiserie sur mesure","potentialAction":[{"@type":"SearchAction","target":{"@type":"EntryPoint","urlTemplate":"https:\/\/olliswood.be\/?s={search_term_string}"},"query-input":{"@type":"PropertyValueSpecification","valueRequired":true,"valueName":"search_term_string"}}],"inLanguage":"fr-FR"}]}},"_links":{"self":[{"href":"https:\/\/olliswood.be\/index.php\/wp-json\/wp\/v2\/pages\/1833","targetHints":{"allow":["GET"]}}],"collection":[{"href":"https:\/\/olliswood.be\/index.php\/wp-json\/wp\/v2\/pages"}],"about":[{"href":"https:\/\/olliswood.be\/index.php\/wp-json\/wp\/v2\/types\/page"}],"author":[{"embeddable":true,"href":"https:\/\/olliswood.be\/index.php\/wp-json\/wp\/v2\/users\/4"}],"replies":[{"embeddable":true,"href":"https:\/\/olliswood.be\/index.php\/wp-json\/wp\/v2\/comments?post=1833"}],"version-history":[{"count":24,"href":"https:\/\/olliswood.be\/index.php\/wp-json\/wp\/v2\/pages\/1833\/revisions"}],"predecessor-version":[{"id":1924,"href":"https:\/\/olliswood.be\/index.php\/wp-json\/wp\/v2\/pages\/1833\/revisions\/1924"}],"wp:attachment":[{"href":"https:\/\/olliswood.be\/index.php\/wp-json\/wp\/v2\/media?parent=1833"}],"curies":[{"name":"wp","href":"https:\/\/api.w.org\/{rel}","templated":true}]}}